{"id":3338,"date":"2025-11-19T20:50:24","date_gmt":"2025-11-19T19:50:24","guid":{"rendered":"https:\/\/www.illa.be\/product\/bazar-bizar-le-vase-spooky-gris-antique-l\/"},"modified":"2026-02-26T23:19:11","modified_gmt":"2026-02-26T22:19:11","slug":"bazar-bizar-le-vase-spooky-gris-antique-l","status":"publish","type":"product","link":"https:\/\/www.illa.be\/fr\/produit\/bazar-bizar-le-vase-spooky-gris-antique-l\/","title":{"rendered":"Bazar Bizar Le Vase Spooky &#8211; Gris Antique &#8211; L"},"content":{"rendered":"<p>Ce vase d\u00e9coratif gris antique s\u2019adapte \u00e0 tout int\u00e9rieur. Le grand mod\u00e8le spooky est impressionnant. Parfait pour les espaces modernes et classiques.<br \/>\nCaract\u00e9ristiques : aspect antique, finition mate, design intemporel, couleur grise, mat\u00e9riau durable.<br \/>\nD\u00e9tails de base : petite taille, base solide, belle finition, design classique, format compact.<br \/>\nStyle : champ\u00eatre, intemporel, \u00e9l\u00e9gant, rustique. Emplacements id\u00e9aux : table basse, rebord de fen\u00eatre, buffet, \u00e9tag\u00e8re. S&rsquo;accorde avec : maisons modernes, pi\u00e8ces classiques, style campagnard, coins cosy. Notre vase gris est stable. Sa forme est \u00e9l\u00e9gante. Il s&rsquo;adapte partout. Beau sur tout meuble. Id\u00e9al pour un usage quotidien. Conseils d\u00e9co : seul, avec des fleurs s\u00e9ch\u00e9es, en groupe, comme accent. Le vase cr\u00e9e une ambiance. Bel effet dans la maison. R\u00e9chauffe l&rsquo;espace. Parfait pour chaque saison. Id\u00e9al pour diff\u00e9rents styles.<br \/>\nCaract\u00e9ristiques : \u00e9l\u00e9gant, polyvalent, durable, classique. Ce vase d\u00e9coratif gris antique sublime chaque int\u00e9rieur. Le classique rencontre le moderne. Parfait pour chaque espace. Un look intemporel. <\/p>\n","protected":false},"excerpt":{"rendered":"<p>Offre \u00e0 tes plantes ou fleurs (s\u00e9ch\u00e9es) la maison qu\u2019elles m\u00e9ritent avec ce vase \u00e9pur\u00e9 en terre cuite, disponible en trois tailles. Ce magnifique mat\u00e9riau pr\u00e9sente des nuances de noir, bleu, rouge et rouille &#8211; avec un \u00e9clat argent\u00e9. Les vases \u00e9troits s\u2019int\u00e8grent visuellement dans chaque pi\u00e8ce, petite ou grande. Attention : ce vase n\u2019est pas \u00e9tanche et ne doit \u00eatre utilis\u00e9 qu\u2019avec des fleurs s\u00e9ch\u00e9es.<br \/>\nLe conseil d\u2019Illa : si tu souhaites utiliser ces vases avec des fleurs fra\u00eeches ayant besoin d\u2019eau, tu peux toujours placer un pot en plastique ou une bouteille en PET vide \u00e0 l\u2019int\u00e9rieur pour l\u2019eau.  <\/p>\n","protected":false},"featured_media":3339,"template":"","meta":{"_acf_changed":false},"product_brand":[421],"product_cat":[290],"product_tag":[291,294,292,293,257],"class_list":{"0":"post-3338","1":"product","2":"type-product","3":"status-publish","4":"has-post-thumbnail","6":"product_brand-bazar-bizar","7":"product_cat-maison","8":"product_tag-decoration","9":"product_tag-maison","10":"product_tag-terre-cuite","11":"product_tag-vase","12":"product_tag-vintage","14":"entry","15":"has-media","17":"first","18":"instock","19":"taxable","20":"shipping-taxable","21":"purchasable","22":"product-type-simple","23":"has-product-nav","24":"col","25":"span_1_of_3","26":"owp-content-center","27":"owp-thumbs-layout-horizontal","28":"owp-btn-normal","29":"owp-tabs-layout-horizontal","31":"circle-sale"},"acf":[],"_links":{"self":[{"href":"https:\/\/www.illa.be\/fr\/wp-json\/wp\/v2\/product\/3338","targetHints":{"allow":["GET"]}}],"collection":[{"href":"https:\/\/www.illa.be\/fr\/wp-json\/wp\/v2\/product"}],"about":[{"href":"https:\/\/www.illa.be\/fr\/wp-json\/wp\/v2\/types\/product"}],"wp:featuredmedia":[{"embeddable":true,"href":"https:\/\/www.illa.be\/fr\/wp-json\/wp\/v2\/media\/3339"}],"wp:attachment":[{"href":"https:\/\/www.illa.be\/fr\/wp-json\/wp\/v2\/media?parent=3338"}],"wp:term":[{"taxonomy":"product_brand","embeddable":true,"href":"https:\/\/www.illa.be\/fr\/wp-json\/wp\/v2\/product_brand?post=3338"},{"taxonomy":"product_cat","embeddable":true,"href":"https:\/\/www.illa.be\/fr\/wp-json\/wp\/v2\/product_cat?post=3338"},{"taxonomy":"product_tag","embeddable":true,"href":"https:\/\/www.illa.be\/fr\/wp-json\/wp\/v2\/product_tag?post=3338"}],"curies":[{"name":"wp","href":"https:\/\/api.w.org\/{rel}","templated":true}]}}